{"id":656,"date":"2019-11-18T13:21:09","date_gmt":"2019-11-18T13:21:09","guid":{"rendered":"http:\/\/orvos-nemetorszagban.hu\/?page_id=656"},"modified":"2023-07-29T12:19:45","modified_gmt":"2023-07-29T10:19:45","slug":"wir-uber-uns","status":"publish","type":"page","link":"https:\/\/interreg-personalvermittlung.de\/index.php\/wir-uber-uns\/","title":{"rendered":"Wir \u00fcber uns"},"content":{"rendered":"\n<p style=\"font-size:19px\">Willkommen bei Interreg Personalvermittlung!<\/p>\n\n\n\n<p style=\"font-size:19px\">Unser Unternehmen vermittelt \u00c4rztinnen und \u00c4rzte aller&nbsp; Fachgebiete aus Osteuropa f\u00fcr medizinische Einrichtungen in Deutschland.<\/p>\n\n\n\n<p style=\"font-size:19px\">Wir sind eine Berliner Agentur, die sich auf die&nbsp; Vermittlung von \u00c4rzten aus Osteuropa spezialisiert hat, vornehmlich aus Ungarn,&nbsp; Russland, der Ukraine, Georgien und Armenien. Unsere Bewerber wollen ihr&nbsp; Berufsleben in Deutschland langfristig aufbauen.<\/p>\n\n\n<div class=\"wp-block-image\">\n<figure class=\"alignright size-large is-resized\"><img loading=\"lazy\" decoding=\"async\" src=\"https:\/\/interreg-personalvermittlung.de\/wp-content\/uploads\/2019\/12\/FOTO-ZOLTAN-366x512-1.jpg\" alt=\"\" class=\"wp-image-857\" width=\"238\" height=\"333\" srcset=\"https:\/\/interreg-personalvermittlung.de\/wp-content\/uploads\/2019\/12\/FOTO-ZOLTAN-366x512-1.jpg 366w, https:\/\/interreg-personalvermittlung.de\/wp-content\/uploads\/2019\/12\/FOTO-ZOLTAN-366x512-1-214x300.jpg 214w\" sizes=\"auto, (max-width: 238px) 100vw, 238px\" \/><figcaption class=\"wp-element-caption\"> Dr. Zoltan Sabov (Szab\u00f3 Zolt\u00e1n) <\/figcaption><\/figure>\n<\/div>\n\n\n<p style=\"font-size:19px\">Die Interreg Consult GmbH\/Bereich \u00c4rztevermittlung ist ein deutsches Familienunternehmen mit Sitz in Berlin. <\/p>\n\n\n\n<p style=\"font-size:18px\">Der Gesch\u00e4ftsf\u00fchrer unserer Firma, Dr. habil. Zoltan Sabov (Szab\u00f3 Zolt\u00e1n) ist ein Ungar mit deutschen Vorfahren, seine Frau Maria, geb. Bogyay von V\u00e1rbogya und Nagym\u00e1d, eine \u00d6sterreich-Ungarin aus altem ungarischem (Bartalos) sowie Tiroler (Weiss von Horstenstein; Berchtold) Adelsgeschlecht.<\/p>\n\n\n\n<p style=\"font-size:19px\">Wir haben in unserem Pool \u00c4rzte aus den Bereichen An\u00e4sthesie,&nbsp; Chirurgie, Innere Medizin, Gyn\u00e4kologie, Augenheilkunde, Radiologie, Orthop\u00e4die,&nbsp; Neurochirurgie, Neurologie, Psychotherapie und Urologie.  Aber auch aus den \u00fcbrigen medizinischen Bereichen&nbsp; k\u00f6nnen wir mittelfristig geeignete Bewerber bereitstellen.<\/p>\n\n\n\n<p style=\"font-size:19px\">Der Vermittlungsprozess beinhaltet eine Anreise des Bewerbers&nbsp; zu einem Vorstellungsgespr\u00e4ch in Ihrer&nbsp; Klinik zum gegenseitigen Kennenlernen. Unser Unternehmen begleitet Ihr Haus auch&nbsp; bei der Besorgung der Berufserlaubnis nach \u00a7 10 der Bundes\u00e4rzteordnung (B\u00c4O) f\u00fcr&nbsp; die Bewerber.<\/p>\n\n\n\n<p style=\"font-size:19px\">Unsere Vermittlungst\u00e4tigkeit erstreckt sich auch auf Medizinisch Technische Assistenen (einschlie\u00dflich MRTA) und Medizinische Fachangestellten aller Bereiche sowie examinierte Krankenpfleger\/-innen. Auch sind wir im Bereich der 24-Stunden-Betreuung und Haushaltshilfe\u00a0t\u00e4tig <a rel=\"noreferrer noopener\" aria-label=\" (opens in a new tab)\" href=\"http:\/\/betreuung-und-mehr.de\/\" target=\"_blank\">(www.betreuung-und-mehr.de<\/a>). F\u00fcr die Akquisition unserer \u00c4rzte und \u00e4rztlichen Personals aus dem gesamten osteurop\u00e4ischen Raum sowie Betreuungskr\u00e4fte aus Ungarn nutzen wir unsere eigenen Firmen in Sankt Petersburg\u00a0(<a rel=\"noreferrer noopener\" aria-label=\" (opens in a new tab)\" href=\"http:\/\/lesfa.com\/\" target=\"_blank\">www.lesfa.com<\/a>),\u00a0in Ungarn\u00a0(<a rel=\"noreferrer noopener\" aria-label=\" (opens in a new tab)\" href=\"http:\/\/orvos-nemetorszagban.hu\/\" target=\"_blank\">www.orvos-nemetorszagan.hu<\/a>) und\u00a0(<a rel=\"noreferrer noopener\" aria-label=\" (opens in a new tab)\" href=\"http:\/\/gondozas-nemetorszagban.hu\/\" target=\"_blank\">www.gondozas-nemetorszagban.hu<\/a>).\u00a0<\/p>\n\n\n\n<p style=\"font-size:19px\">Wenn wir Ihr &nbsp;Interesse geweckt haben, kontaktieren Sie uns&nbsp; bitte. Wir werden uns \u00fcber eine Zusammenarbeit freuen und stehen Ihnen f\u00fcr&nbsp; Fragen gerne zur Verf\u00fcgung.<\/p>\n\n\n\n<h3 class=\"wp-block-heading\"><a href=\"https:\/\/interreg-personalvermittlung.de\/index.php\/667-2\/\"> Der Vermittlungsprozess <\/a><\/h3>\n","protected":false},"excerpt":{"rendered":"<p>Willkommen bei Interreg Personalvermittlung! Unser Unternehmen vermittelt \u00c4rztinnen und \u00c4rzte aller&nbsp; Fachgebiete aus Osteuropa f\u00fcr medizinische Einrichtungen in Deutschland. Wir sind eine Berliner Agentur, die sich auf die&nbsp; Vermittlung von \u00c4rzten aus Osteuropa spezialisiert hat, vornehmlich aus Ungarn,&nbsp; Russland, der Ukraine, Georgien und Armenien. Unsere Bewerber wollen ihr&nbsp; Berufsleben in Deutschland langfristig aufbauen. Die Interreg &#8230; <a title=\"Wir \u00fcber uns\" class=\"read-more\" href=\"https:\/\/interreg-personalvermittlung.de\/index.php\/wir-uber-uns\/\">Read more <span class=\"screen-reader-text\">Wir \u00fcber uns<\/span><\/a><\/p>\n","protected":false},"author":1,"featured_media":0,"parent":0,"menu_order":0,"comment_status":"closed","ping_status":"closed","template":"","meta":{"footnotes":""},"class_list":["post-656","page","type-page","status-publish"],"_links":{"self":[{"href":"https:\/\/interreg-personalvermittlung.de\/index.php\/wp-json\/wp\/v2\/pages\/656","targetHints":{"allow":["GET"]}}],"collection":[{"href":"https:\/\/interreg-personalvermittlung.de\/index.php\/wp-json\/wp\/v2\/pages"}],"about":[{"href":"https:\/\/interreg-personalvermittlung.de\/index.php\/wp-json\/wp\/v2\/types\/page"}],"author":[{"embeddable":true,"href":"https:\/\/interreg-personalvermittlung.de\/index.php\/wp-json\/wp\/v2\/users\/1"}],"replies":[{"embeddable":true,"href":"https:\/\/interreg-personalvermittlung.de\/index.php\/wp-json\/wp\/v2\/comments?post=656"}],"version-history":[{"count":32,"href":"https:\/\/interreg-personalvermittlung.de\/index.php\/wp-json\/wp\/v2\/pages\/656\/revisions"}],"predecessor-version":[{"id":958,"href":"https:\/\/interreg-personalvermittlung.de\/index.php\/wp-json\/wp\/v2\/pages\/656\/revisions\/958"}],"wp:attachment":[{"href":"https:\/\/interreg-personalvermittlung.de\/index.php\/wp-json\/wp\/v2\/media?parent=656"}],"curies":[{"name":"wp","href":"https:\/\/api.w.org\/{rel}","templated":true}]}}